{"id":66,"date":"2011-10-03T17:30:50","date_gmt":"2011-10-03T16:30:50","guid":{"rendered":"http:\/\/buermeyer.de\/wp\/?page_id=66"},"modified":"2025-04-19T13:12:04","modified_gmt":"2025-04-19T12:12:04","slug":"cv","status":"publish","type":"page","link":"https:\/\/buermeyer.de\/ulf\/cv\/","title":{"rendered":"CV"},"content":{"rendered":"\n<ul>\n<li>Since March 2016 &#8211; Co-Host, &#8220;<a rel=\"noreferrer noopener\" href=\"https:\/\/lagedernation.org\" data-type=\"URL\" data-id=\"https:\/\/lagedernation.org\" target=\"_blank\">Lage der Nation<\/a>&#8221; (State of the Nation), Germany&#8217;s most popular podcasts on current politics (with Philip Banse)<\/li>\n\n\n\n<li>August 2024 &#8211; Dismissal from the Berlin judiciary at his own request in order to devote himself fully to his work as a journalist<\/li>\n\n\n\n<li>2015 &#8211; 2025 &#8211; President \/ Member of the Board, <a rel=\"noreferrer noopener\" href=\"https:\/\/freiheitsrechte.org\/english\/\" data-type=\"URL\" data-id=\"https:\/\/freiheitsrechte.org\/english\/\" target=\"_blank\">Gesellschaft f\u00fcr Freiheitsrechte<\/a> (Society for Civil Rights), an NGO that furthers human rights by means of impact litigation <\/li>\n\n\n\n<li>October 2020 to May 2023 &#8211; Legal Director, Gesellschaft f\u00fcr Freiheitsrechte<\/li>\n\n\n\n<li>June 2019 to September 2020 &#8211; Desk Officer, <a href=\"https:\/\/www.berlin.de\/sen\/justva\/\" target=\"_blank\" rel=\"noopener\">Berlin State Department of Justice<\/a><\/li>\n\n\n\n<li>June 2017 to May 2019 &#8211; Law Clerk, <a href=\"https:\/\/www.berlin.de\/gerichte\/sonstige-gerichte\/verfassungsgerichtshof\/\" target=\"_blank\" rel=\"noopener\">Berlin Constitutional Court<\/a><\/li>\n\n\n\n<li>7. Juli 2015 \u2013 Represented <a href=\"http:\/\/amnesty.de\/\">Amnesty International Germany<\/a> and <a href=\"https:\/\/netzpolitik.org\/\">netzpolitik.org<\/a> at oral arguments before the German Federal Constitutional Court in a case pertaining to investigatory powers of the Federal Police Bureau (BKA)<\/li>\n\n\n\n<li>February 2015 \u2013 Dr. iur., University Frankfurt\/Main (summa cum laude). Doctoral thesis on privacy &amp; freedom of information. Submitted July 2013, defended September 2014<\/li>\n\n\n\n<li>August 2014 to May 2017 \u2013 Judge at <a href=\"http:\/\/lgberlin.de\/\" target=\"_blank\" rel=\"noopener\">Berlin Superior Court<\/a>, Capital Crimes division<\/li>\n\n\n\n<li>August 2013 to May 2014 \u2013 Master of Laws (LL.M.), <a href=\"http:\/\/www.law.columbia.edu\/\" target=\"_blank\" rel=\"noopener\">Columbia University School of Law,<\/a> New York City. Full tuition waiver. Graduated with distinction as <a href=\"http:\/\/web.law.columbia.edu\/prizes-awards\" target=\"_blank\" rel=\"noopener\">James Kent Scholar<\/a> &#8220;in recognition of outstanding academic achievement&#8221;.<\/li>\n\n\n\n<li>2010 to 2013 \u2013 Judge at Berlin Superior Court (Landgericht Berlin)<\/li>\n\n\n\n<li>September 2011 \u2013 Appointed to the Advisory Board of <a href=\"https:\/\/www.privacyinternational.org\/\" target=\"_blank\" rel=\"noopener\">Privacy International<\/a><\/li>\n\n\n\n<li>September 2010 \u2013 Appointed judge at <a href=\"http:\/\/www.berlin.de\/sen\/justiz\/gerichte\/lg\/\" target=\"_blank\" rel=\"noopener\">Landgericht Berlin<\/a> with life tenure<\/li>\n\n\n\n<li>2009 to 2010 \u2013 Delegation to the <a href=\"http:\/\/www.berlin.de\/sen\/justiz\/\" target=\"_blank\" rel=\"noopener\">State Ministry of Justice, Berlin<\/a>, draft of the <a href=\"http:\/\/gesetze.berlin.de\/default.aspx?typ=reference&amp;y=100&amp;g=BlnJVollzDSG\" target=\"_blank\" rel=\"noopener\">Code on Data Protection &amp; Freedom of Information<\/a> for Berlin&#8217;s state prisons<\/li>\n\n\n\n<li>2008 to 2009 \u2013 Judge at Berlin Superior Court (Landgericht Berlin)<\/li>\n\n\n\n<li>2007 to 2008 \u2013 Law clerk of Justice Prof. Dr. Dres. h. c. mult. <a href=\"http:\/\/de.wikipedia.org\/wiki\/Winfried_Hassemer\" target=\"_blank\" rel=\"noopener\">Winfried Hassemer<\/a> and Chief Justice Prof. Dr. <a href=\"http:\/\/www2.jura.uni-freiburg.de\/institute\/rphil\/stawi\/03c19898df004b304\/03c19898df008a719\/index.html\" target=\"_blank\" rel=\"noopener\">Andreas Vo\u00dfkuhle,<\/a> <a href=\"http:\/\/www.bundesverfassungsgericht.de\/\" target=\"_blank\" rel=\"noopener\">Federal Constitutional Court<\/a>; working mostly on <a href=\"http:\/\/www.bundesverfassungsgericht.de\/en\/organization.html\" target=\"_blank\" rel=\"noopener\"> criminal law &amp; criminal procedure<\/a><\/li>\n\n\n\n<li>2007 \u2013 Appointed judge of the state of Berlin, working at <a href=\"http:\/\/www.berlin.de\/sen\/justiz\/gerichte\/ag\/tierg\/\" target=\"_blank\" rel=\"noopener\">Berlin-Tiergarten criminal court<\/a><\/li>\n\n\n\n<li>2006 \u2013 Second State Examination in law, specializing in European law, ranking 1<sup>st<\/sup> out of 166 candidates<\/li>\n\n\n\n<li>2004 \u2013 2006 &#8211; Practical training in law (Referendariat) by the state of Berlin, stages at the <a href=\"http:\/\/www.bmj.bund.de\/\" target=\"_blank\" rel=\"noopener\">Federal Ministry of Justice<\/a> and the Federal Constitutional Court (Bundesverfassungsgericht)<\/li>\n\n\n\n<li>2003\/04 \u2013 Research visitor at Biblioth\u00e8que de Cujas, Universit\u00e9 Paris I &#8211; Panth\u00e9on-Sorbonne, scholarship by the <a href=\"http:\/\/www.studienstiftung.de\/\" target=\"_blank\" rel=\"noopener\">German National Academic Foundation<\/a><\/li>\n\n\n\n<li>2002\/03 \u2013 Senior research assistant at the <a href=\"http:\/\/iprserv.jura.uni-leipzig.de\/\" target=\"_blank\" rel=\"noopener\">Institute of International Private Law<\/a>, Leipzig University<\/li>\n\n\n\n<li>2002 \u2013 First State Examination in law, Leipzig University; ranking 1<sup>st<\/sup> out of 550 candidates<\/li>\n\n\n\n<li>1994 bis 2002 &#8211; Studied law &amp; psychology at Osnabr\u00fcck university as well as law, egyptology &amp; political science in Leipzig and Rennes (Brittany, France); scholarship from <a href=\"http:\/\/www.studienstiftung.de\/\" target=\"_blank\" rel=\"noopener\">Studienstiftung des deutschen Volkes<\/a> (German National Academic Foundation)<\/li>\n\n\n\n<li>1994 \u2013 A levels \/ high school diploma from <a href=\"http:\/\/www.gsg-os.de\/\" target=\"_blank\" rel=\"noopener\">Graf-Stauffenberg-Gymnasium Osnabr\u00fcck<\/a><\/li>\n\n\n\n<li>Born in <a href=\"http:\/\/www.osnabrueck.de\/\" target=\"_blank\" rel=\"noopener\">Osnabr\u00fcck, Germany<\/a>; grown up in <a href=\"http:\/\/www.bissendorf.de\/\" target=\"_blank\" rel=\"noopener\">Bissendorf <\/a>(Osnabr\u00fcck county)<\/li>\n<\/ul>\n","protected":false},"excerpt":{"rendered":"","protected":false},"author":1,"featured_media":0,"parent":0,"menu_order":2,"comment_status":"closed","ping_status":"closed","template":"","meta":[],"_links":{"self":[{"href":"https:\/\/buermeyer.de\/ulf\/wp-json\/wp\/v2\/pages\/66"}],"collection":[{"href":"https:\/\/buermeyer.de\/ulf\/wp-json\/wp\/v2\/pages"}],"about":[{"href":"https:\/\/buermeyer.de\/ulf\/wp-json\/wp\/v2\/types\/page"}],"author":[{"embeddable":true,"href":"https:\/\/buermeyer.de\/ulf\/wp-json\/wp\/v2\/users\/1"}],"replies":[{"embeddable":true,"href":"https:\/\/buermeyer.de\/ulf\/wp-json\/wp\/v2\/comments?post=66"}],"version-history":[{"count":56,"href":"https:\/\/buermeyer.de\/ulf\/wp-json\/wp\/v2\/pages\/66\/revisions"}],"predecessor-version":[{"id":419,"href":"https:\/\/buermeyer.de\/ulf\/wp-json\/wp\/v2\/pages\/66\/revisions\/419"}],"wp:attachment":[{"href":"https:\/\/buermeyer.de\/ulf\/wp-json\/wp\/v2\/media?parent=66"}],"curies":[{"name":"wp","href":"https:\/\/api.w.org\/{rel}","templated":true}]}}